{"id":5372,"date":"2017-01-12T07:04:48","date_gmt":"2017-01-12T07:04:48","guid":{"rendered":"http:\/\/ferrodex.com\/luisferrodexart\/?page_id=5372"},"modified":"2021-08-30T11:01:15","modified_gmt":"2021-08-30T11:01:15","slug":"sobre-el-artista","status":"publish","type":"page","link":"https:\/\/ferrodex.com\/luisferrodexart\/sobre-el-artista\/","title":{"rendered":"Sobre el artista"},"content":{"rendered":"<p>[et_pb_section fb_built=\u00bb1&#8243; admin_label=\u00bbsection\u00bb _builder_version=\u00bb3.22&#8243; transparent_background=\u00bboff\u00bb make_fullwidth=\u00bboff\u00bb use_custom_width=\u00bboff\u00bb width_unit=\u00bbon\u00bb][et_pb_row admin_label=\u00bbrow\u00bb _builder_version=\u00bb3.25&#8243; background_size=\u00bbinitial\u00bb background_position=\u00bbtop_left\u00bb background_repeat=\u00bbrepeat\u00bb make_fullwidth=\u00bboff\u00bb use_custom_width=\u00bboff\u00bb width_unit=\u00bbon\u00bb][et_pb_column type=\u00bb4_4&#8243; _builder_version=\u00bb3.25&#8243; custom_padding=\u00bb|||\u00bb custom_padding__hover=\u00bb|||\u00bb][et_pb_post_title meta=\u00bboff\u00bb featured_image=\u00bboff\u00bb _builder_version=\u00bb3.0.93&#8243; background_color=\u00bbrgba(255,255,255,0)\u00bb parallax=\u00bbon\u00bb use_border_color=\u00bboff\u00bb]&nbsp;<br \/>\n[\/et_pb_post_title][\/et_pb_column][\/et_pb_row][\/et_pb_section][et_pb_section fb_built=\u00bb1&#8243; _builder_version=\u00bb3.22&#8243; background_color=\u00bb#050001&#8243; transparent_background=\u00bboff\u00bb make_fullwidth=\u00bboff\u00bb use_custom_width=\u00bboff\u00bb width_unit=\u00bbon\u00bb][et_pb_row column_structure=\u00bb1_4,1_2,1_4&#8243; _builder_version=\u00bb3.25&#8243; background_size=\u00bbinitial\u00bb background_position=\u00bbtop_left\u00bb background_repeat=\u00bbrepeat\u00bb make_fullwidth=\u00bboff\u00bb use_custom_width=\u00bboff\u00bb width_unit=\u00bbon\u00bb][et_pb_column type=\u00bb1_4&#8243; _builder_version=\u00bb3.25&#8243; custom_padding=\u00bb|||\u00bb custom_padding__hover=\u00bb|||\u00bb][et_pb_image src=\u00bbhttps:\/\/ferrodex.com\/luisferrodexart\/wp-content\/uploads\/2017\/04\/Yo-Low1.jpg\u00bb align_tablet=\u00bbcenter\u00bb align_phone=\u00bb\u00bb align_last_edited=\u00bbon|desktop\u00bb _builder_version=\u00bb3.23&#8243; animation_style=\u00bbslide\u00bb animation_direction=\u00bbleft\u00bb animation_duration=\u00bb500ms\u00bb animation_intensity_slide=\u00bb10%\u00bb use_border_color=\u00bboff\u00bb border_color=\u00bb#ffffff\u00bb border_style=\u00bbsolid\u00bb animation=\u00bbleft\u00bb sticky=\u00bboff\u00bb always_center_on_mobile=\u00bbon\u00bb]&nbsp;<br \/>\n[\/et_pb_image][et_pb_image src=\u00bbhttps:\/\/ferrodex.com\/luisferrodexart\/wp-content\/uploads\/2018\/03\/@Art-24.jpg\u00bb align_tablet=\u00bbcenter\u00bb align_phone=\u00bb\u00bb align_last_edited=\u00bbon|desktop\u00bb _builder_version=\u00bb3.23&#8243; animation_style=\u00bbslide\u00bb animation_direction=\u00bbleft\u00bb animation_duration=\u00bb500ms\u00bb animation_intensity_slide=\u00bb10%\u00bb use_border_color=\u00bboff\u00bb always_center_on_mobile=\u00bbon\u00bb]&nbsp;<br \/>\n[\/et_pb_image][et_pb_image src=\u00bbhttps:\/\/ferrodex.com\/luisferrodexart\/wp-content\/uploads\/2019\/06\/@Yo.jpg\u00bb align_tablet=\u00bbcenter\u00bb align_phone=\u00bb\u00bb align_last_edited=\u00bbon|desktop\u00bb _builder_version=\u00bb3.23&#8243; animation_style=\u00bbslide\u00bb animation_direction=\u00bbleft\u00bb animation_duration=\u00bb500ms\u00bb animation_intensity_slide=\u00bb10%\u00bb use_border_color=\u00bboff\u00bb always_center_on_mobile=\u00bbon\u00bb]&nbsp;<br \/>\n[\/et_pb_image][et_pb_image src=\u00bbhttps:\/\/ferrodex.com\/luisferrodexart\/wp-content\/uploads\/2020\/10\/2020-El-jard\u00edn-de-Bego\u00f1a-13.jpg\u00bb align_tablet=\u00bbcenter\u00bb align_phone=\u00bb\u00bb align_last_edited=\u00bbon|desktop\u00bb _builder_version=\u00bb3.23&#8243; always_center_on_mobile=\u00bbon\u00bb][\/et_pb_image][et_pb_image src=\u00bbhttps:\/\/ferrodex.com\/luisferrodexart\/wp-content\/uploads\/2021\/06\/2021-No-a-la-violencia-de-genero-9.jpg\u00bb title_text=\u00bb2021-No a la violencia de g\u00e9nero (9)\u00bb _builder_version=\u00bb4.8.2&#8243; _module_preset=\u00bbdefault\u00bb][\/et_pb_image][\/et_pb_column][et_pb_column type=\u00bb1_2&#8243; _builder_version=\u00bb3.25&#8243; custom_padding=\u00bb|||\u00bb custom_padding__hover=\u00bb|||\u00bb][et_pb_text _builder_version=\u00bb3.27.4&#8243; background_size=\u00bbinitial\u00bb background_position=\u00bbtop_left\u00bb background_repeat=\u00bbrepeat\u00bb background_layout=\u00bbdark\u00bb use_border_color=\u00bboff\u00bb]<\/p>\n<h2>Luis Ferrrodex<\/h2>\n<p><span style=\"font-family: Arial; font-size: small;\">Luis Fern\u00e1ndez Rodr\u00edguez, nacido el 9 de noviembre de 1969 en la localidad de Torrej\u00f3n el Rubio, provincia de C\u00e1ceres.<\/span><\/p>\n<p><span style=\"font-family: Arial; font-size: small;\">De profesi\u00f3n veterinario y ganadero. Desde peque\u00f1o ha mostrado su inquietud por las Bellas Artes, trabajando para numerosos colectivos culturales, adem\u00e1s de estar interesado en la fotograf\u00eda, los animales y los viajes a lo largo del mundo.<\/span><\/p>\n<p><span style=\"font-family: Arial; font-size: small;\">Actualmente es ganadero de toros de lidia, pintor y escultor.<\/span><br \/>\n[\/et_pb_text][et_pb_image src=\u00bbhttps:\/\/ferrodex.com\/luisferrodexart\/wp-content\/uploads\/2019\/01\/2019-Pintando-cabeza-en-finca-low.jpg\u00bb align=\u00bbcenter\u00bb align_tablet=\u00bbcenter\u00bb align_phone=\u00bb\u00bb align_last_edited=\u00bbon|desktop\u00bb _builder_version=\u00bb3.23&#8243; animation_style=\u00bbslide\u00bb animation_direction=\u00bbleft\u00bb animation_duration=\u00bb500ms\u00bb animation_intensity_slide=\u00bb10%\u00bb use_border_color=\u00bboff\u00bb always_center_on_mobile=\u00bbon\u00bb]&nbsp;<br \/>\n[\/et_pb_image][et_pb_image src=\u00bbhttps:\/\/ferrodex.com\/luisferrodexart\/wp-content\/uploads\/2019\/06\/rtre-008.jpg\u00bb align=\u00bbcenter\u00bb align_tablet=\u00bbcenter\u00bb align_phone=\u00bb\u00bb align_last_edited=\u00bbon|desktop\u00bb _builder_version=\u00bb3.23&#8243; animation_style=\u00bbslide\u00bb animation_direction=\u00bbleft\u00bb animation_duration=\u00bb500ms\u00bb animation_intensity_slide=\u00bb10%\u00bb use_border_color=\u00bboff\u00bb always_center_on_mobile=\u00bbon\u00bb]&nbsp;<br \/>\n[\/et_pb_image][et_pb_image src=\u00bbhttps:\/\/ferrodex.com\/luisferrodexart\/wp-content\/uploads\/2020\/05\/Firma-low.jpg\u00bb show_in_lightbox=\u00bbon\u00bb align=\u00bbcenter\u00bb align_tablet=\u00bbcenter\u00bb align_phone=\u00bb\u00bb align_last_edited=\u00bbon|desktop\u00bb _builder_version=\u00bb3.23&#8243; animation_style=\u00bbslide\u00bb animation_direction=\u00bbleft\u00bb animation_duration=\u00bb500ms\u00bb animation_intensity_slide=\u00bb10%\u00bb use_border_color=\u00bboff\u00bb always_center_on_mobile=\u00bbon\u00bb]&nbsp;<br \/>\n[\/et_pb_image][et_pb_image src=\u00bbhttps:\/\/ferrodex.com\/luisferrodexart\/wp-content\/uploads\/2020\/11\/PSX_20201031_154618-LOW.jpg\u00bb show_in_lightbox=\u00bbon\u00bb align=\u00bbcenter\u00bb align_tablet=\u00bbcenter\u00bb align_phone=\u00bb\u00bb align_last_edited=\u00bbon|desktop\u00bb _builder_version=\u00bb3.23&#8243; animation_style=\u00bbslide\u00bb animation_direction=\u00bbleft\u00bb animation_duration=\u00bb500ms\u00bb animation_intensity_slide=\u00bb10%\u00bb use_border_color=\u00bboff\u00bb always_center_on_mobile=\u00bbon\u00bb]&nbsp;<br \/>\n[\/et_pb_image][\/et_pb_column][et_pb_column type=\u00bb1_4&#8243; _builder_version=\u00bb3.25&#8243; custom_padding=\u00bb|||\u00bb custom_padding__hover=\u00bb|||\u00bb][et_pb_image src=\u00bbhttps:\/\/ferrodex.com\/luisferrodexart\/wp-content\/uploads\/2017\/04\/Yo-Low.jpg\u00bb align_tablet=\u00bbcenter\u00bb align_phone=\u00bb\u00bb align_last_edited=\u00bbon|desktop\u00bb _builder_version=\u00bb3.23&#8243; animation_style=\u00bbslide\u00bb animation_direction=\u00bbleft\u00bb animation_duration=\u00bb500ms\u00bb animation_intensity_slide=\u00bb10%\u00bb use_border_color=\u00bboff\u00bb border_color=\u00bb#ffffff\u00bb border_style=\u00bbsolid\u00bb animation=\u00bbleft\u00bb sticky=\u00bboff\u00bb always_center_on_mobile=\u00bbon\u00bb]&nbsp;<br \/>\n[\/et_pb_image][et_pb_image src=\u00bbhttps:\/\/ferrodex.com\/luisferrodexart\/wp-content\/uploads\/2019\/02\/IMG-20190209-WA0028.jpg\u00bb align_tablet=\u00bbcenter\u00bb align_phone=\u00bb\u00bb align_last_edited=\u00bbon|desktop\u00bb _builder_version=\u00bb3.23&#8243; always_center_on_mobile=\u00bbon\u00bb][\/et_pb_image][et_pb_image src=\u00bbhttps:\/\/ferrodex.com\/luisferrodexart\/wp-content\/uploads\/2019\/06\/IMG_8834.jpg\u00bb align_tablet=\u00bbcenter\u00bb align_phone=\u00bb\u00bb align_last_edited=\u00bbon|desktop\u00bb _builder_version=\u00bb3.23&#8243; always_center_on_mobile=\u00bbon\u00bb][\/et_pb_image][et_pb_image src=\u00bbhttps:\/\/ferrodex.com\/luisferrodexart\/wp-content\/uploads\/2021\/06\/2021-Siempre-Libres-1-1.jpg\u00bb title_text=\u00bb2021-Siempre Libres (1)\u00bb align_tablet=\u00bbcenter\u00bb align_phone=\u00bb\u00bb align_last_edited=\u00bbon|desktop\u00bb _builder_version=\u00bb4.8.2&#8243; always_center_on_mobile=\u00bbon\u00bb][\/et_pb_image][et_pb_image src=\u00bbhttps:\/\/ferrodex.com\/luisferrodexart\/wp-content\/uploads\/2020\/10\/20201008_214813.jpg\u00bb title_text=\u00bb20201008_214813&#8243; _builder_version=\u00bb4.8.2&#8243; _module_preset=\u00bbdefault\u00bb][\/et_pb_image][\/et_pb_column][\/et_pb_row][\/et_pb_section][et_pb_section fb_built=\u00bb1&#8243; _builder_version=\u00bb3.22&#8243; background_color=\u00bb#c4c4c4&#8243; transparent_background=\u00bboff\u00bb make_fullwidth=\u00bboff\u00bb use_custom_width=\u00bboff\u00bb width_unit=\u00bbon\u00bb][et_pb_row column_structure=\u00bb1_4,1_2,1_4&#8243; _builder_version=\u00bb3.25&#8243; background_size=\u00bbinitial\u00bb background_position=\u00bbtop_left\u00bb background_repeat=\u00bbrepeat\u00bb make_fullwidth=\u00bboff\u00bb use_custom_width=\u00bboff\u00bb width_unit=\u00bbon\u00bb][et_pb_column type=\u00bb1_4&#8243; _builder_version=\u00bb3.25&#8243; custom_padding=\u00bb|||\u00bb custom_padding__hover=\u00bb|||\u00bb][et_pb_image src=\u00bbhttps:\/\/ferrodex.com\/luisferrodexart\/wp-content\/uploads\/2020\/03\/Folleto-D\u00edptico-1-BAJA.jpg\u00bb align_tablet=\u00bbcenter\u00bb align_phone=\u00bb\u00bb align_last_edited=\u00bbon|desktop\u00bb _builder_version=\u00bb3.23&#8243; animation_style=\u00bbslide\u00bb animation_direction=\u00bbleft\u00bb animation_duration=\u00bb500ms\u00bb animation_intensity_slide=\u00bb10%\u00bb use_border_color=\u00bboff\u00bb always_center_on_mobile=\u00bbon\u00bb]&nbsp;<br \/>\n[\/et_pb_image][\/et_pb_column][et_pb_column type=\u00bb1_2&#8243; _builder_version=\u00bb3.25&#8243; custom_padding=\u00bb|||\u00bb custom_padding__hover=\u00bb|||\u00bb][et_pb_text _builder_version=\u00bb3.27.4&#8243; background_size=\u00bbinitial\u00bb background_position=\u00bbtop_left\u00bb background_repeat=\u00bbrepeat\u00bb background_layout=\u00bbdark\u00bb use_border_color=\u00bboff\u00bb]<\/p>\n<p style=\"text-align: center;\">FOLLETO A\u00d1O 2020<\/p>\n<p>[\/et_pb_text][\/et_pb_column][et_pb_column type=\u00bb1_4&#8243; _builder_version=\u00bb3.25&#8243; custom_padding=\u00bb|||\u00bb custom_padding__hover=\u00bb|||\u00bb][et_pb_image src=\u00bbhttps:\/\/ferrodex.com\/luisferrodexart\/wp-content\/uploads\/2020\/03\/Folleto-D\u00edptico-2-BAJA.jpg\u00bb align_tablet=\u00bbcenter\u00bb align_phone=\u00bb\u00bb align_last_edited=\u00bbon|desktop\u00bb _builder_version=\u00bb3.23&#8243; animation_style=\u00bbslide\u00bb animation_direction=\u00bbleft\u00bb animation_duration=\u00bb500ms\u00bb animation_intensity_slide=\u00bb10%\u00bb use_border_color=\u00bboff\u00bb always_center_on_mobile=\u00bbon\u00bb]&nbsp;<br \/>\n[\/et_pb_image][\/et_pb_column][\/et_pb_row][et_pb_row column_structure=\u00bb1_2,1_2&#8243; _builder_version=\u00bb3.25&#8243; background_size=\u00bbinitial\u00bb background_position=\u00bbtop_left\u00bb background_repeat=\u00bbrepeat\u00bb width=\u00bb50%\u00bb max_width=\u00bb50%\u00bb make_fullwidth=\u00bboff\u00bb use_custom_width=\u00bbon\u00bb width_unit=\u00bboff\u00bb custom_width_px=\u00bb600px\u00bb custom_width_percent=\u00bb50%\u00bb][et_pb_column type=\u00bb1_2&#8243; _builder_version=\u00bb3.25&#8243; custom_padding=\u00bb|||\u00bb custom_padding__hover=\u00bb|||\u00bb][et_pb_image src=\u00bbhttps:\/\/ferrodex.com\/luisferrodexart\/wp-content\/uploads\/2018\/03\/2017-Cartel-Exposici\u00f3n-de-Pinturas-Hospeder\u00eda-Monfrag\u00fce.jpg\u00bb title_text=\u00bb\u201cCOMIENZOS\u201d. 6 de abril a 6 de mayo de 2017. Hospeder\u00eda Monfrag\u00fce. Torrej\u00f3n El Rubio (C\u00e1ceres) Espa\u00f1a.\u00bb align_tablet=\u00bbcenter\u00bb align_phone=\u00bb\u00bb align_last_edited=\u00bbon|desktop\u00bb _builder_version=\u00bb3.23&#8243; animation_style=\u00bbslide\u00bb animation_direction=\u00bbleft\u00bb animation_duration=\u00bb500ms\u00bb animation_intensity_slide=\u00bb10%\u00bb use_border_color=\u00bboff\u00bb always_center_on_mobile=\u00bbon\u00bb]&nbsp;<br \/>\n[\/et_pb_image][et_pb_text _builder_version=\u00bb3.27.4&#8243;]<span style=\"color: #000000;\"><strong>\u201cCOMIENZOS\u201d.<\/strong>&nbsp;6 de abril a 5 de mayo de 2017. Hospeder\u00eda Monfrag\u00fce. Torrej\u00f3n el Rubio (C\u00e1ceres) Espa\u00f1a.<\/span><br \/>\n[\/et_pb_text][\/et_pb_column][et_pb_column type=\u00bb1_2&#8243; _builder_version=\u00bb3.25&#8243; custom_padding=\u00bb|||\u00bb custom_padding__hover=\u00bb|||\u00bb][et_pb_image src=\u00bbhttps:\/\/ferrodex.com\/luisferrodexart\/wp-content\/uploads\/2018\/03\/2017-Cartel-Exposici\u00f3n-de-Pinturas-Hotel-Extremadura.jpg\u00bb title_text=\u00bb\u201cCOMIENZOS\u201d. 6 de abril a 6 de mayo de 2017. Hospeder\u00eda Monfrag\u00fce. Torrej\u00f3n El Rubio (C\u00e1ceres) Espa\u00f1a.\u00bb align_tablet=\u00bbcenter\u00bb align_phone=\u00bb\u00bb align_last_edited=\u00bbon|desktop\u00bb _builder_version=\u00bb3.23&#8243; animation_style=\u00bbslide\u00bb animation_direction=\u00bbleft\u00bb animation_duration=\u00bb500ms\u00bb animation_intensity_slide=\u00bb10%\u00bb use_border_color=\u00bboff\u00bb always_center_on_mobile=\u00bbon\u00bb]&nbsp;<br \/>\n[\/et_pb_image][et_pb_text _builder_version=\u00bb3.27.4&#8243;]<span style=\"color: #000000;\"><strong>\u201cUNA SOCIEDAD ACTUAL\u201d.<\/strong>&nbsp;23 de mayo a 6 de junio de 2017. Hotel Extremadura. C\u00e1ceres (C\u00e1ceres) Espa\u00f1a.<\/span><br \/>\n[\/et_pb_text][\/et_pb_column][\/et_pb_row][et_pb_row column_structure=\u00bb1_2,1_2&#8243; _builder_version=\u00bb3.25&#8243; background_size=\u00bbinitial\u00bb background_position=\u00bbtop_left\u00bb background_repeat=\u00bbrepeat\u00bb width=\u00bb50%\u00bb max_width=\u00bb50%\u00bb make_fullwidth=\u00bboff\u00bb use_custom_width=\u00bbon\u00bb width_unit=\u00bboff\u00bb custom_width_px=\u00bb600px\u00bb custom_width_percent=\u00bb50%\u00bb][et_pb_column type=\u00bb1_2&#8243; _builder_version=\u00bb3.25&#8243; custom_padding=\u00bb|||\u00bb custom_padding__hover=\u00bb|||\u00bb][et_pb_image src=\u00bbhttps:\/\/ferrodex.com\/luisferrodexart\/wp-content\/uploads\/2018\/03\/2017-Cartel-Exposici\u00f3n-de-Pinturas-Taper\u00eda-la-Fanega.jpg\u00bb title_text=\u00bb\u201cCOMIENZOS\u201d. 6 de abril a 6 de mayo de 2017. Hospeder\u00eda Monfrag\u00fce. Torrej\u00f3n El Rubio (C\u00e1ceres) Espa\u00f1a.\u00bb align_tablet=\u00bbcenter\u00bb align_phone=\u00bb\u00bb align_last_edited=\u00bbon|desktop\u00bb _builder_version=\u00bb3.23&#8243; animation_style=\u00bbslide\u00bb animation_direction=\u00bbleft\u00bb animation_duration=\u00bb500ms\u00bb animation_intensity_slide=\u00bb10%\u00bb use_border_color=\u00bboff\u00bb always_center_on_mobile=\u00bbon\u00bb]&nbsp;<br \/>\n[\/et_pb_image][et_pb_text _builder_version=\u00bb3.27.4&#8243; background_size=\u00bbinitial\u00bb background_position=\u00bbtop_left\u00bb background_repeat=\u00bbrepeat\u00bb use_border_color=\u00bboff\u00bb]<span style=\"color: #000000;\"><strong>\u201cPEQUE\u00d1ECES\u201d.<\/strong>&nbsp;24 de mayo a 24 de junio de 2017. Taper\u00eda La Fanega. C\u00e1ceres (C\u00e1ceres) Espa\u00f1a.<\/span><br \/>\n[\/et_pb_text][\/et_pb_column][et_pb_column type=\u00bb1_2&#8243; _builder_version=\u00bb3.25&#8243; custom_padding=\u00bb|||\u00bb custom_padding__hover=\u00bb|||\u00bb][et_pb_image src=\u00bbhttps:\/\/ferrodex.com\/luisferrodexart\/wp-content\/uploads\/2018\/03\/2018-Cartel-Exposici\u00f3n-de-Pinturas-Restaurante-Os-Arcus-copia.jpg\u00bb title_text=\u00bb\u201cCOMIENZOS\u201d. 6 de abril a 6 de mayo de 2017. Hospeder\u00eda Monfrag\u00fce. Torrej\u00f3n El Rubio (C\u00e1ceres) Espa\u00f1a.\u00bb align_tablet=\u00bbcenter\u00bb align_phone=\u00bb\u00bb align_last_edited=\u00bbon|desktop\u00bb _builder_version=\u00bb3.23&#8243; animation_style=\u00bbslide\u00bb animation_direction=\u00bbleft\u00bb animation_duration=\u00bb500ms\u00bb animation_intensity_slide=\u00bb10%\u00bb use_border_color=\u00bboff\u00bb always_center_on_mobile=\u00bbon\u00bb]&nbsp;<br \/>\n[\/et_pb_image][et_pb_text _builder_version=\u00bb3.27.4&#8243; background_size=\u00bbinitial\u00bb background_position=\u00bbtop_left\u00bb background_repeat=\u00bbrepeat\u00bb use_border_color=\u00bboff\u00bb]<span style=\"color: #000000;\"><strong>\u201cSUE\u00d1OS EN COLOR\u201d.<\/strong> 13 de mayo a 13 de abril de 2018. Restaurante Os Arcus. San Mart\u00edn de Trevejo &nbsp;(C\u00e1ceres) Espa\u00f1a.<\/span><br \/>\n[\/et_pb_text][\/et_pb_column][\/et_pb_row][et_pb_row column_structure=\u00bb1_2,1_2&#8243; _builder_version=\u00bb3.25&#8243; background_size=\u00bbinitial\u00bb background_position=\u00bbtop_left\u00bb background_repeat=\u00bbrepeat\u00bb width=\u00bb50%\u00bb max_width=\u00bb50%\u00bb make_fullwidth=\u00bboff\u00bb use_custom_width=\u00bbon\u00bb width_unit=\u00bboff\u00bb custom_width_px=\u00bb600px\u00bb custom_width_percent=\u00bb50%\u00bb][et_pb_column type=\u00bb1_2&#8243; _builder_version=\u00bb3.25&#8243; custom_padding=\u00bb|||\u00bb custom_padding__hover=\u00bb|||\u00bb][et_pb_image src=\u00bbhttps:\/\/ferrodex.com\/luisferrodexart\/wp-content\/uploads\/2018\/03\/2018-Cartel-Exposici\u00f3n-de-Pinturas-Centro-Recepci\u00f3n-de-Visitantes-e1523091470492.jpg\u00bb title_text=\u00bb\u201cCOMIENZOS\u201d. 6 de abril a 6 de mayo de 2017. Hospeder\u00eda Monfrag\u00fce. Torrej\u00f3n El Rubio (C\u00e1ceres) Espa\u00f1a.\u00bb align_tablet=\u00bbcenter\u00bb align_phone=\u00bb\u00bb align_last_edited=\u00bbon|desktop\u00bb _builder_version=\u00bb3.23&#8243; animation_style=\u00bbslide\u00bb animation_direction=\u00bbleft\u00bb animation_duration=\u00bb500ms\u00bb animation_intensity_slide=\u00bb10%\u00bb use_border_color=\u00bboff\u00bb always_center_on_mobile=\u00bbon\u00bb]&nbsp;<br \/>\n[\/et_pb_image][et_pb_text _builder_version=\u00bb3.27.4&#8243; background_size=\u00bbinitial\u00bb background_position=\u00bbtop_left\u00bb background_repeat=\u00bbrepeat\u00bb use_border_color=\u00bboff\u00bb]<span style=\"color: #000000;\"><strong>\u201cNATURALEZA VIVA\u201d.<\/strong> 23 de marzo a 23 de julio de 2018. Centro de Recepci\u00f3n de Visitantes del Norte de Extremadura. Plasencia (C\u00e1ceres) Espa\u00f1a.<\/span><br \/>\n[\/et_pb_text][\/et_pb_column][et_pb_column type=\u00bb1_2&#8243; _builder_version=\u00bb3.25&#8243; custom_padding=\u00bb|||\u00bb custom_padding__hover=\u00bb|||\u00bb][et_pb_image src=\u00bbhttps:\/\/ferrodex.com\/luisferrodexart\/wp-content\/uploads\/2018\/04\/2018-EntreCosturas-e1523091533897.jpg\u00bb title_text=\u00bb\u201cCOMIENZOS\u201d. 6 de abril a 6 de mayo de 2017. Hospeder\u00eda Monfrag\u00fce. Torrej\u00f3n El Rubio (C\u00e1ceres) Espa\u00f1a.\u00bb align_tablet=\u00bbcenter\u00bb align_phone=\u00bb\u00bb align_last_edited=\u00bbon|desktop\u00bb _builder_version=\u00bb3.23&#8243; animation_style=\u00bbslide\u00bb animation_direction=\u00bbleft\u00bb animation_duration=\u00bb500ms\u00bb animation_intensity_slide=\u00bb10%\u00bb use_border_color=\u00bboff\u00bb always_center_on_mobile=\u00bbon\u00bb]&nbsp;<br \/>\n[\/et_pb_image][et_pb_text _builder_version=\u00bb3.27.4&#8243; background_size=\u00bbinitial\u00bb background_position=\u00bbtop_left\u00bb background_repeat=\u00bbrepeat\u00bb use_border_color=\u00bboff\u00bb]<span style=\"color: #000000;\"><strong>\u201cEL PRINCIPIO DE LA ESCALERA\u201d.<\/strong> 1 de abril a 1 de junio de 2018. EntreCosturas Shop. Plasencia &nbsp;(C\u00e1ceres) Espa\u00f1a.<\/span><br \/>\n[\/et_pb_text][\/et_pb_column][\/et_pb_row][et_pb_row column_structure=\u00bb1_2,1_2&#8243; _builder_version=\u00bb3.25&#8243; background_size=\u00bbinitial\u00bb background_position=\u00bbtop_left\u00bb background_repeat=\u00bbrepeat\u00bb width=\u00bb50%\u00bb max_width=\u00bb50%\u00bb make_fullwidth=\u00bboff\u00bb use_custom_width=\u00bbon\u00bb width_unit=\u00bboff\u00bb custom_width_px=\u00bb600px\u00bb custom_width_percent=\u00bb50%\u00bb][et_pb_column type=\u00bb1_2&#8243; _builder_version=\u00bb3.25&#8243; custom_padding=\u00bb|||\u00bb custom_padding__hover=\u00bb|||\u00bb][et_pb_image src=\u00bbhttps:\/\/ferrodex.com\/luisferrodexart\/wp-content\/uploads\/2018\/03\/2018-La-Espiral-Jerez-de-los-Caballeros.jpg\u00bb title_text=\u00bb\u201cCOMIENZOS\u201d. 6 de abril a 6 de mayo de 2017. Hospeder\u00eda Monfrag\u00fce. Torrej\u00f3n El Rubio (C\u00e1ceres) Espa\u00f1a.\u00bb align_tablet=\u00bbcenter\u00bb align_phone=\u00bb\u00bb align_last_edited=\u00bbon|desktop\u00bb _builder_version=\u00bb3.23&#8243; animation_style=\u00bbslide\u00bb animation_direction=\u00bbleft\u00bb animation_duration=\u00bb500ms\u00bb animation_intensity_slide=\u00bb10%\u00bb use_border_color=\u00bboff\u00bb always_center_on_mobile=\u00bbon\u00bb]&nbsp;<br \/>\n[\/et_pb_image][et_pb_text _builder_version=\u00bb3.27.4&#8243; background_size=\u00bbinitial\u00bb background_position=\u00bbtop_left\u00bb background_repeat=\u00bbrepeat\u00bb use_border_color=\u00bboff\u00bb]<span style=\"color: #000000;\"><strong>\u201cEL COLOR DEL MENSAJE\u201d.<\/strong> 18 de mayo a 15 de junio de 2018. Galer\u00eda de Arte La Espiral. Jerez de los Caballeros (Badajoz) Espa\u00f1a.<\/span><br \/>\n[\/et_pb_text][\/et_pb_column][et_pb_column type=\u00bb1_2&#8243; _builder_version=\u00bb3.25&#8243; custom_padding=\u00bb|||\u00bb custom_padding__hover=\u00bb|||\u00bb][et_pb_image src=\u00bbhttps:\/\/ferrodex.com\/luisferrodexart\/wp-content\/uploads\/2019\/02\/2019-Cartel-Exposici\u00f3n-de-Pinturas-Hotel-Acosta1.jpg\u00bb title_text=\u00bb\u201cCOMIENZOS\u201d. 6 de abril a 6 de mayo de 2017. Hospeder\u00eda Monfrag\u00fce. Torrej\u00f3n El Rubio (C\u00e1ceres) Espa\u00f1a.\u00bb align_tablet=\u00bbcenter\u00bb align_phone=\u00bb\u00bb align_last_edited=\u00bbon|desktop\u00bb _builder_version=\u00bb3.23&#8243; animation_style=\u00bbslide\u00bb animation_direction=\u00bbleft\u00bb animation_duration=\u00bb500ms\u00bb animation_intensity_slide=\u00bb10%\u00bb use_border_color=\u00bboff\u00bb always_center_on_mobile=\u00bbon\u00bb]&nbsp;<br \/>\n[\/et_pb_image][et_pb_text _builder_version=\u00bb4.8.2&#8243; background_size=\u00bbinitial\u00bb background_position=\u00bbtop_left\u00bb background_repeat=\u00bbrepeat\u00bb use_border_color=\u00bboff\u00bb]<\/p>\n<p><span style=\"color: #000000;\"><strong>\u201cENTRE CAMPOS Y PASIONES\u201d.<\/strong> 1 de marzo a 1 de mayo de 2019. Hotel Acosta. Almendralejo (Badajoz) Espa\u00f1a.<\/span><\/p>\n<p>[\/et_pb_text][\/et_pb_column][\/et_pb_row][et_pb_row column_structure=\u00bb1_2,1_2&#8243; _builder_version=\u00bb3.25&#8243; background_size=\u00bbinitial\u00bb background_position=\u00bbtop_left\u00bb background_repeat=\u00bbrepeat\u00bb width=\u00bb50%\u00bb max_width=\u00bb50%\u00bb make_fullwidth=\u00bboff\u00bb use_custom_width=\u00bbon\u00bb width_unit=\u00bboff\u00bb custom_width_px=\u00bb600px\u00bb custom_width_percent=\u00bb50%\u00bb][et_pb_column type=\u00bb1_2&#8243; _builder_version=\u00bb3.25&#8243; custom_padding=\u00bb|||\u00bb custom_padding__hover=\u00bb|||\u00bb][et_pb_image src=\u00bbhttps:\/\/ferrodex.com\/luisferrodexart\/wp-content\/uploads\/2020\/01\/2020-Centro-Cultural-Las-Claras.jpg\u00bb title_text=\u00bb\u201cCOMIENZOS\u201d. 6 de abril a 6 de mayo de 2017. Hospeder\u00eda Monfrag\u00fce. Torrej\u00f3n El Rubio (C\u00e1ceres) Espa\u00f1a.\u00bb align_tablet=\u00bbcenter\u00bb align_phone=\u00bb\u00bb align_last_edited=\u00bbon|desktop\u00bb _builder_version=\u00bb3.23&#8243; animation_style=\u00bbslide\u00bb animation_direction=\u00bbleft\u00bb animation_duration=\u00bb500ms\u00bb animation_intensity_slide=\u00bb10%\u00bb use_border_color=\u00bboff\u00bb always_center_on_mobile=\u00bbon\u00bb]&nbsp;<br \/>\n[\/et_pb_image][et_pb_text _builder_version=\u00bb4.8.2&#8243; background_size=\u00bbinitial\u00bb background_position=\u00bbtop_left\u00bb background_repeat=\u00bbrepeat\u00bb use_border_color=\u00bboff\u00bb]<\/p>\n<p><span style=\"color: #000000;\"><strong>\u201cTIERRA ADENTRO\u201d.<\/strong>&nbsp;18 de enero a 6 de febrero de 2020. Centro Cultural Las Claras. Plasencia (C\u00e1ceres) Espa\u00f1a.<\/span><\/p>\n<p>[\/et_pb_text][\/et_pb_column][et_pb_column type=\u00bb1_2&#8243; _builder_version=\u00bb3.25&#8243; custom_padding=\u00bb|||\u00bb custom_padding__hover=\u00bb|||\u00bb][et_pb_image src=\u00bbhttps:\/\/ferrodex.com\/luisferrodexart\/wp-content\/uploads\/2020\/11\/2020-FIO-low.jpg\u00bb title_text=\u00bb\u201cCOMIENZOS\u201d. 6 de abril a 6 de mayo de 2017. Hospeder\u00eda Monfrag\u00fce. Torrej\u00f3n El Rubio (C\u00e1ceres) Espa\u00f1a.\u00bb align_tablet=\u00bbcenter\u00bb align_phone=\u00bb\u00bb align_last_edited=\u00bbon|desktop\u00bb _builder_version=\u00bb3.23&#8243; animation_style=\u00bbslide\u00bb animation_direction=\u00bbleft\u00bb animation_duration=\u00bb500ms\u00bb animation_intensity_slide=\u00bb10%\u00bb use_border_color=\u00bboff\u00bb always_center_on_mobile=\u00bbon\u00bb]&nbsp;<br \/>\n[\/et_pb_image][et_pb_text _builder_version=\u00bb4.8.2&#8243; background_size=\u00bbinitial\u00bb background_position=\u00bbtop_left\u00bb background_repeat=\u00bbrepeat\u00bb use_border_color=\u00bboff\u00bb]<\/p>\n<p><span style=\"color: #000000;\"><strong>\u201cFIO\u201d.<\/strong> 28 de febrero a 1 de marzo de 2020. XV Feria Internacional de Turimso Ornitol\u00f3gico. Villarreal de San Carlos (C\u00e1ceres) Espa\u00f1a.<\/span><\/p>\n<p>[\/et_pb_text][\/et_pb_column][\/et_pb_row][et_pb_row column_structure=\u00bb1_2,1_2&#8243; _builder_version=\u00bb3.25&#8243; background_size=\u00bbinitial\u00bb background_position=\u00bbtop_left\u00bb background_repeat=\u00bbrepeat\u00bb width=\u00bb50%\u00bb max_width=\u00bb50%\u00bb make_fullwidth=\u00bboff\u00bb use_custom_width=\u00bbon\u00bb width_unit=\u00bboff\u00bb custom_width_px=\u00bb600px\u00bb custom_width_percent=\u00bb50%\u00bb][et_pb_column type=\u00bb1_2&#8243; _builder_version=\u00bb3.25&#8243; custom_padding=\u00bb|||\u00bb custom_padding__hover=\u00bb|||\u00bb][et_pb_image src=\u00bbhttps:\/\/ferrodex.com\/luisferrodexart\/wp-content\/uploads\/2020\/11\/2020-Cartel-Exposici\u00f3n-de-Pinturas-C\u00e1sate-Conmigo-TrujilloLOW.jpg\u00bb title_text=\u00bb\u201cCOMIENZOS\u201d. 6 de abril a 6 de mayo de 2017. Hospeder\u00eda Monfrag\u00fce. Torrej\u00f3n El Rubio (C\u00e1ceres) Espa\u00f1a.\u00bb align_tablet=\u00bbcenter\u00bb align_phone=\u00bb\u00bb align_last_edited=\u00bbon|desktop\u00bb _builder_version=\u00bb3.23&#8243; animation_style=\u00bbslide\u00bb animation_direction=\u00bbleft\u00bb animation_duration=\u00bb500ms\u00bb animation_intensity_slide=\u00bb10%\u00bb use_border_color=\u00bboff\u00bb always_center_on_mobile=\u00bbon\u00bb]&nbsp;<br \/>\n[\/et_pb_image][et_pb_text _builder_version=\u00bb4.8.2&#8243; background_size=\u00bbinitial\u00bb background_position=\u00bbtop_left\u00bb background_repeat=\u00bbrepeat\u00bb use_border_color=\u00bboff\u00bb]<\/p>\n<p><span style=\"color: #000000;\"><strong>\u201cA LAS PUERTAS DE PIZARRO\u201d.<\/strong> 17 de octubre de 2020 a 31 de mayo de 2021. C\u00e1sate conmigo. Trujillo (C\u00e1ceres) Espa\u00f1a.<\/span><\/p>\n<p>[\/et_pb_text][\/et_pb_column][et_pb_column type=\u00bb1_2&#8243; _builder_version=\u00bb3.25&#8243; custom_padding=\u00bb|||\u00bb custom_padding__hover=\u00bb|||\u00bb][\/et_pb_column][\/et_pb_row][et_pb_row _builder_version=\u00bb4.8.2&#8243; _module_preset=\u00bbdefault\u00bb background_image=\u00bbhttps:\/\/ferrodex.com\/luisferrodexart\/wp-content\/uploads\/2021\/07\/2021-Mujeres-distintas-e-iguales-9.jpg\u00bb width=\u00bb100%\u00bb max_width=\u00bb2560px\u00bb min_height=\u00bb628px\u00bb][et_pb_column type=\u00bb4_4&#8243; _builder_version=\u00bb4.8.2&#8243; _module_preset=\u00bbdefault\u00bb][\/et_pb_column][\/et_pb_row][\/et_pb_section]<\/p>\n","protected":false},"excerpt":{"rendered":"<p>&nbsp; &nbsp; &nbsp; &nbsp; Luis Ferrrodex Luis Fern\u00e1ndez Rodr\u00edguez, nacido el 9 de noviembre de 1969 en la localidad de Torrej\u00f3n el Rubio, provincia de C\u00e1ceres. De profesi\u00f3n veterinario y ganadero. Desde peque\u00f1o ha mostrado su inquietud por las Bellas Artes, trabajando para numerosos colectivos culturales, adem\u00e1s de estar interesado en la fotograf\u00eda, los animales [&hellip;]<\/p>\n","protected":false},"author":1,"featured_media":0,"parent":0,"menu_order":11,"comment_status":"closed","ping_status":"closed","template":"","meta":{"_et_pb_use_builder":"on","_et_pb_old_content":"","_et_gb_content_width":"","ngg_post_thumbnail":0,"footnotes":""},"class_list":["post-5372","page","type-page","status-publish","hentry"],"_links":{"self":[{"href":"https:\/\/ferrodex.com\/luisferrodexart\/wp-json\/wp\/v2\/pages\/5372","targetHints":{"allow":["GET"]}}],"collection":[{"href":"https:\/\/ferrodex.com\/luisferrodexart\/wp-json\/wp\/v2\/pages"}],"about":[{"href":"https:\/\/ferrodex.com\/luisferrodexart\/wp-json\/wp\/v2\/types\/page"}],"author":[{"embeddable":true,"href":"https:\/\/ferrodex.com\/luisferrodexart\/wp-json\/wp\/v2\/users\/1"}],"replies":[{"embeddable":true,"href":"https:\/\/ferrodex.com\/luisferrodexart\/wp-json\/wp\/v2\/comments?post=5372"}],"version-history":[{"count":139,"href":"https:\/\/ferrodex.com\/luisferrodexart\/wp-json\/wp\/v2\/pages\/5372\/revisions"}],"predecessor-version":[{"id":8316,"href":"https:\/\/ferrodex.com\/luisferrodexart\/wp-json\/wp\/v2\/pages\/5372\/revisions\/8316"}],"wp:attachment":[{"href":"https:\/\/ferrodex.com\/luisferrodexart\/wp-json\/wp\/v2\/media?parent=5372"}],"curies":[{"name":"wp","href":"https:\/\/api.w.org\/{rel}","templated":true}]}}